	{"id":3985,"date":"2022-04-13T15:54:42","date_gmt":"2022-04-13T13:54:42","guid":{"rendered":"https:\/\/afanof.eu\/?post_type=product&#038;p=3985"},"modified":"2024-07-05T14:27:55","modified_gmt":"2024-07-05T12:27:55","slug":"collier-chaine-doree","status":"publish","type":"product","link":"https:\/\/afanof.eu\/fr\/boutique\/accessoires\/collier-chaine-doree\/","title":{"rendered":"Collier cha\u00eene dor\u00e9e"},"content":{"rendered":"<p>Collier cha\u00eene m\u00e9tallique dor\u00e9e avec fermeture m\u00e9tallis\u00e9e de couleur dor\u00e9e.<\/p>\n<p>La longueur totale du collier est de 90 cm.<\/p>\n<p>Cette cha\u00eene est le compl\u00e9ment parfait pour porter votre \u00e9ventail mini autour du cou comme un collier. Vous pouvez combiner votre \u00e9ventail mini avec le collier qui vous pla\u00eet le plus et avoir votre \u00e9ventail toujours \u00e0 port\u00e9e de main de la mani\u00e8re la plus confortable.<\/p>\n","protected":false},"excerpt":{"rendered":"<p>Collier cha\u00eene m\u00e9tallique dor\u00e9e avec fermeture m\u00e9tallis\u00e9e de couleur dor\u00e9e. La longueur totale du collier est de 90 cm. Cette cha\u00eene est le compl\u00e9ment parfait pour porter votre \u00e9ventail mini autour du cou comme un collier. Vous pouvez combiner votre \u00e9ventail mini avec le collier qui vous pla\u00eet le plus et avoir votre \u00e9ventail toujours [&hellip;]<\/p>\n","protected":false},"featured_media":10723,"comment_status":"open","ping_status":"closed","template":"","meta":{"_acf_changed":false,"_joinchat":[]},"product_brand":[],"product_cat":[200],"product_tag":[],"class_list":{"0":"post-3985","1":"product","2":"type-product","3":"status-publish","4":"has-post-thumbnail","6":"product_cat-accessoires","8":"first","9":"outofstock","10":"taxable","11":"shipping-taxable","12":"purchasable","13":"product-type-simple"},"wpr_featured_image":["https:\/\/afanof.eu\/wp-content\/uploads\/2022\/04\/a-fan-of-eventail-necklace-cuelga-abanico-150x150.webp",150,150,true],"acf":[],"yoast_head":"<!-- This site is optimized with the Yoast SEO Premium plugin v25.3 (Yoast SEO v27.5) - https:\/\/yoast.com\/product\/yoast-seo-premium-wordpress\/ -->\n<title>Collier cha\u00eene dor\u00e9e - A FAN OF<\/title>\n<meta name=\"description\" content=\"Los abanicos A Fan Of son piezas con dise\u00f1os estampados originales, realizados de forma artesanal en Espa\u00f1a y utilizando materiales y procesos sostenibles.\" \/>\n<meta name=\"robots\" content=\"index, follow, max-snippet:-1, max-image-preview:large, max-video-preview:-1\" \/>\n<link rel=\"canonical\" href=\"https:\/\/afanof.eu\/fr\/boutique\/accessoires\/collier-chaine-doree\/\" \/>\n<meta property=\"og:locale\" content=\"fr_FR\" \/>\n<meta property=\"og:type\" content=\"article\" \/>\n<meta property=\"og:title\" content=\"Collier cha\u00eene dor\u00e9e\" \/>\n<meta property=\"og:description\" content=\"Los abanicos A Fan Of son piezas con dise\u00f1os estampados originales, realizados de forma artesanal en Espa\u00f1a y utilizando materiales y procesos sostenibles.\" \/>\n<meta property=\"og:url\" content=\"https:\/\/afanof.eu\/fr\/boutique\/accessoires\/collier-chaine-doree\/\" \/>\n<meta property=\"og:site_name\" content=\"A FAN OF\" \/>\n<meta property=\"article:modified_time\" content=\"2024-07-05T12:27:55+00:00\" \/>\n<meta property=\"og:image\" content=\"https:\/\/afanof.eu\/wp-content\/uploads\/2022\/04\/a-fan-of-eventail-necklace-cuelga-abanico.webp\" \/>\n\t<meta property=\"og:image:width\" content=\"1000\" \/>\n\t<meta property=\"og:image:height\" content=\"1210\" \/>\n\t<meta property=\"og:image:type\" content=\"image\/webp\" \/>\n<meta name=\"twitter:card\" content=\"summary_large_image\" \/>\n<meta name=\"twitter:label1\" content=\"Dur\u00e9e de lecture estim\u00e9e\" \/>\n\t<meta name=\"twitter:data1\" content=\"1 minute\" \/>\n<script type=\"application\/ld+json\" class=\"yoast-schema-graph\">{\"@context\":\"https:\\\/\\\/schema.org\",\"@graph\":[{\"@type\":\"WebPage\",\"@id\":\"https:\\\/\\\/afanof.eu\\\/fr\\\/boutique\\\/accessoires\\\/collier-chaine-doree\\\/\",\"url\":\"https:\\\/\\\/afanof.eu\\\/fr\\\/boutique\\\/accessoires\\\/collier-chaine-doree\\\/\",\"name\":\"Collier cha\u00eene dor\u00e9e - A FAN OF\",\"isPartOf\":{\"@id\":\"https:\\\/\\\/afanof.eu\\\/fr\\\/#website\"},\"primaryImageOfPage\":{\"@id\":\"https:\\\/\\\/afanof.eu\\\/fr\\\/boutique\\\/accessoires\\\/collier-chaine-doree\\\/#primaryimage\"},\"image\":{\"@id\":\"https:\\\/\\\/afanof.eu\\\/fr\\\/boutique\\\/accessoires\\\/collier-chaine-doree\\\/#primaryimage\"},\"thumbnailUrl\":\"https:\\\/\\\/afanof.eu\\\/wp-content\\\/uploads\\\/2022\\\/04\\\/a-fan-of-eventail-necklace-cuelga-abanico.webp\",\"datePublished\":\"2022-04-13T13:54:42+00:00\",\"dateModified\":\"2024-07-05T12:27:55+00:00\",\"description\":\"Los abanicos A Fan Of son piezas con dise\u00f1os estampados originales, realizados de forma artesanal en Espa\u00f1a y utilizando materiales y procesos sostenibles.\",\"breadcrumb\":{\"@id\":\"https:\\\/\\\/afanof.eu\\\/fr\\\/boutique\\\/accessoires\\\/collier-chaine-doree\\\/#breadcrumb\"},\"inLanguage\":\"fr-FR\",\"potentialAction\":[{\"@type\":\"ReadAction\",\"target\":[\"https:\\\/\\\/afanof.eu\\\/fr\\\/boutique\\\/accessoires\\\/collier-chaine-doree\\\/\"]}]},{\"@type\":\"ImageObject\",\"inLanguage\":\"fr-FR\",\"@id\":\"https:\\\/\\\/afanof.eu\\\/fr\\\/boutique\\\/accessoires\\\/collier-chaine-doree\\\/#primaryimage\",\"url\":\"https:\\\/\\\/afanof.eu\\\/wp-content\\\/uploads\\\/2022\\\/04\\\/a-fan-of-eventail-necklace-cuelga-abanico.webp\",\"contentUrl\":\"https:\\\/\\\/afanof.eu\\\/wp-content\\\/uploads\\\/2022\\\/04\\\/a-fan-of-eventail-necklace-cuelga-abanico.webp\",\"width\":1000,\"height\":1210},{\"@type\":\"BreadcrumbList\",\"@id\":\"https:\\\/\\\/afanof.eu\\\/fr\\\/boutique\\\/accessoires\\\/collier-chaine-doree\\\/#breadcrumb\",\"itemListElement\":[{\"@type\":\"ListItem\",\"position\":1,\"name\":\"Boutique\",\"item\":\"https:\\\/\\\/afanof.eu\\\/fr\\\/boutique\\\/\"},{\"@type\":\"ListItem\",\"position\":2,\"name\":\"Collier cha\u00eene dor\u00e9e\"}]},{\"@type\":\"WebSite\",\"@id\":\"https:\\\/\\\/afanof.eu\\\/fr\\\/#website\",\"url\":\"https:\\\/\\\/afanof.eu\\\/fr\\\/\",\"name\":\"A FAN OF\",\"description\":\"\",\"publisher\":{\"@id\":\"https:\\\/\\\/afanof.eu\\\/fr\\\/#organization\"},\"potentialAction\":[{\"@type\":\"SearchAction\",\"target\":{\"@type\":\"EntryPoint\",\"urlTemplate\":\"https:\\\/\\\/afanof.eu\\\/fr\\\/?s={search_term_string}\"},\"query-input\":{\"@type\":\"PropertyValueSpecification\",\"valueRequired\":true,\"valueName\":\"search_term_string\"}}],\"inLanguage\":\"fr-FR\"},{\"@type\":\"Organization\",\"@id\":\"https:\\\/\\\/afanof.eu\\\/fr\\\/#organization\",\"name\":\"A Fan Of\",\"url\":\"https:\\\/\\\/afanof.eu\\\/fr\\\/\",\"logo\":{\"@type\":\"ImageObject\",\"inLanguage\":\"fr-FR\",\"@id\":\"https:\\\/\\\/afanof.eu\\\/fr\\\/#\\\/schema\\\/logo\\\/image\\\/\",\"url\":\"\",\"contentUrl\":\"\",\"caption\":\"A Fan Of\"},\"image\":{\"@id\":\"https:\\\/\\\/afanof.eu\\\/fr\\\/#\\\/schema\\\/logo\\\/image\\\/\"}}]}<\/script>\n<!-- \/ Yoast SEO Premium plugin. -->","yoast_head_json":{"title":"Collier cha\u00eene dor\u00e9e - A FAN OF","description":"Los abanicos A Fan Of son piezas con dise\u00f1os estampados originales, realizados de forma artesanal en Espa\u00f1a y utilizando materiales y procesos sostenibles.","robots":{"index":"index","follow":"follow","max-snippet":"max-snippet:-1","max-image-preview":"max-image-preview:large","max-video-preview":"max-video-preview:-1"},"canonical":"https:\/\/afanof.eu\/fr\/boutique\/accessoires\/collier-chaine-doree\/","og_locale":"fr_FR","og_type":"article","og_title":"Collier cha\u00eene dor\u00e9e","og_description":"Los abanicos A Fan Of son piezas con dise\u00f1os estampados originales, realizados de forma artesanal en Espa\u00f1a y utilizando materiales y procesos sostenibles.","og_url":"https:\/\/afanof.eu\/fr\/boutique\/accessoires\/collier-chaine-doree\/","og_site_name":"A FAN OF","article_modified_time":"2024-07-05T12:27:55+00:00","og_image":[{"width":1000,"height":1210,"url":"https:\/\/afanof.eu\/wp-content\/uploads\/2022\/04\/a-fan-of-eventail-necklace-cuelga-abanico.webp","type":"image\/webp"}],"twitter_card":"summary_large_image","twitter_misc":{"Dur\u00e9e de lecture estim\u00e9e":"1 minute"},"schema":{"@context":"https:\/\/schema.org","@graph":[{"@type":"WebPage","@id":"https:\/\/afanof.eu\/fr\/boutique\/accessoires\/collier-chaine-doree\/","url":"https:\/\/afanof.eu\/fr\/boutique\/accessoires\/collier-chaine-doree\/","name":"Collier cha\u00eene dor\u00e9e - A FAN OF","isPartOf":{"@id":"https:\/\/afanof.eu\/fr\/#website"},"primaryImageOfPage":{"@id":"https:\/\/afanof.eu\/fr\/boutique\/accessoires\/collier-chaine-doree\/#primaryimage"},"image":{"@id":"https:\/\/afanof.eu\/fr\/boutique\/accessoires\/collier-chaine-doree\/#primaryimage"},"thumbnailUrl":"https:\/\/afanof.eu\/wp-content\/uploads\/2022\/04\/a-fan-of-eventail-necklace-cuelga-abanico.webp","datePublished":"2022-04-13T13:54:42+00:00","dateModified":"2024-07-05T12:27:55+00:00","description":"Los abanicos A Fan Of son piezas con dise\u00f1os estampados originales, realizados de forma artesanal en Espa\u00f1a y utilizando materiales y procesos sostenibles.","breadcrumb":{"@id":"https:\/\/afanof.eu\/fr\/boutique\/accessoires\/collier-chaine-doree\/#breadcrumb"},"inLanguage":"fr-FR","potentialAction":[{"@type":"ReadAction","target":["https:\/\/afanof.eu\/fr\/boutique\/accessoires\/collier-chaine-doree\/"]}]},{"@type":"ImageObject","inLanguage":"fr-FR","@id":"https:\/\/afanof.eu\/fr\/boutique\/accessoires\/collier-chaine-doree\/#primaryimage","url":"https:\/\/afanof.eu\/wp-content\/uploads\/2022\/04\/a-fan-of-eventail-necklace-cuelga-abanico.webp","contentUrl":"https:\/\/afanof.eu\/wp-content\/uploads\/2022\/04\/a-fan-of-eventail-necklace-cuelga-abanico.webp","width":1000,"height":1210},{"@type":"BreadcrumbList","@id":"https:\/\/afanof.eu\/fr\/boutique\/accessoires\/collier-chaine-doree\/#breadcrumb","itemListElement":[{"@type":"ListItem","position":1,"name":"Boutique","item":"https:\/\/afanof.eu\/fr\/boutique\/"},{"@type":"ListItem","position":2,"name":"Collier cha\u00eene dor\u00e9e"}]},{"@type":"WebSite","@id":"https:\/\/afanof.eu\/fr\/#website","url":"https:\/\/afanof.eu\/fr\/","name":"A FAN OF","description":"","publisher":{"@id":"https:\/\/afanof.eu\/fr\/#organization"},"potentialAction":[{"@type":"SearchAction","target":{"@type":"EntryPoint","urlTemplate":"https:\/\/afanof.eu\/fr\/?s={search_term_string}"},"query-input":{"@type":"PropertyValueSpecification","valueRequired":true,"valueName":"search_term_string"}}],"inLanguage":"fr-FR"},{"@type":"Organization","@id":"https:\/\/afanof.eu\/fr\/#organization","name":"A Fan Of","url":"https:\/\/afanof.eu\/fr\/","logo":{"@type":"ImageObject","inLanguage":"fr-FR","@id":"https:\/\/afanof.eu\/fr\/#\/schema\/logo\/image\/","url":"","contentUrl":"","caption":"A Fan Of"},"image":{"@id":"https:\/\/afanof.eu\/fr\/#\/schema\/logo\/image\/"}}]}},"_links":{"self":[{"href":"https:\/\/afanof.eu\/fr\/wp-json\/wp\/v2\/product\/3985","targetHints":{"allow":["GET"]}}],"collection":[{"href":"https:\/\/afanof.eu\/fr\/wp-json\/wp\/v2\/product"}],"about":[{"href":"https:\/\/afanof.eu\/fr\/wp-json\/wp\/v2\/types\/product"}],"replies":[{"embeddable":true,"href":"https:\/\/afanof.eu\/fr\/wp-json\/wp\/v2\/comments?post=3985"}],"wp:featuredmedia":[{"embeddable":true,"href":"https:\/\/afanof.eu\/fr\/wp-json\/wp\/v2\/media\/10723"}],"wp:attachment":[{"href":"https:\/\/afanof.eu\/fr\/wp-json\/wp\/v2\/media?parent=3985"}],"wp:term":[{"taxonomy":"product_brand","embeddable":true,"href":"https:\/\/afanof.eu\/fr\/wp-json\/wp\/v2\/product_brand?post=3985"},{"taxonomy":"product_cat","embeddable":true,"href":"https:\/\/afanof.eu\/fr\/wp-json\/wp\/v2\/product_cat?post=3985"},{"taxonomy":"product_tag","embeddable":true,"href":"https:\/\/afanof.eu\/fr\/wp-json\/wp\/v2\/product_tag?post=3985"}],"curies":[{"name":"wp","href":"https:\/\/api.w.org\/{rel}","templated":true}]}}